{"id":92,"date":"2025-12-02T12:12:06","date_gmt":"2025-12-02T11:12:06","guid":{"rendered":"https:\/\/bubmih.bplaced.net\/kroatien\/?page_id=92"},"modified":"2025-12-02T12:12:06","modified_gmt":"2025-12-02T11:12:06","slug":"die-kuestenregions-kroatiens","status":"publish","type":"page","link":"https:\/\/bubmih.bplaced.net\/kroatien\/die-kuestenregions-kroatiens\/","title":{"rendered":"Die K\u00fcstenregions Kroatiens"},"content":{"rendered":"\n<div class=\"wp-block-cover alignfull is-light has-custom-content-position is-position-bottom-center\" style=\"margin-top:0;margin-bottom:0;padding-top:var(--wp--preset--spacing--50);padding-right:var(--wp--preset--spacing--50);padding-bottom:var(--wp--preset--spacing--50);padding-left:var(--wp--preset--spacing--50);min-height:840px;aspect-ratio:unset;\"><img data-opt-id=1614886527  fetchpriority=\"high\" decoding=\"async\" width=\"1024\" height=\"682\" class=\"wp-block-cover__image-background wp-image-95 size-large\" alt=\"\" src=\"https:\/\/ml7yqefx9h2z.i.optimole.com\/w:1024\/h:682\/q:mauto\/f:best\/https:\/\/bubmih.bplaced.net\/kroatien\/wp-content\/uploads\/2025\/12\/vis.jpg\" data-object-fit=\"cover\" srcset=\"https:\/\/ml7yqefx9h2z.i.optimole.com\/w:1024\/h:682\/q:mauto\/f:best\/https:\/\/bubmih.bplaced.net\/kroatien\/wp-content\/uploads\/2025\/12\/vis.jpg 1024w, https:\/\/ml7yqefx9h2z.i.optimole.com\/w:300\/h:200\/q:mauto\/f:best\/https:\/\/bubmih.bplaced.net\/kroatien\/wp-content\/uploads\/2025\/12\/vis.jpg 300w, https:\/\/ml7yqefx9h2z.i.optimole.com\/w:768\/h:512\/q:mauto\/f:best\/https:\/\/bubmih.bplaced.net\/kroatien\/wp-content\/uploads\/2025\/12\/vis.jpg 768w, https:\/\/ml7yqefx9h2z.i.optimole.com\/w:1536\/h:1024\/q:mauto\/f:best\/https:\/\/bubmih.bplaced.net\/kroatien\/wp-content\/uploads\/2025\/12\/vis.jpg 1536w, https:\/\/ml7yqefx9h2z.i.optimole.com\/w:1920\/h:1279\/q:mauto\/f:best\/https:\/\/bubmih.bplaced.net\/kroatien\/wp-content\/uploads\/2025\/12\/vis.jpg 2048w\" sizes=\"(max-width: 1024px) 100vw, 1024px\" \/><span aria-hidden=\"true\" class=\"wp-block-cover__background has-background-dim-10 has-background-dim\" style=\"background-color:#5a8bd4\"><\/span><div class=\"wp-block-cover__inner-container is-layout-constrained wp-container-core-cover-is-layout-9cf8f26d wp-block-cover-is-layout-constrained\">\n<div class=\"wp-block-group alignwide is-content-justification-left\"><div class=\"wp-block-group__inner-container is-layout-constrained wp-container-core-group-is-layout-8c890d92 wp-block-group-is-layout-constrained\">\n<h2 class=\"wp-block-heading has-text-align-left has-xx-large-font-size\">Die K\u00fcstenregion Kroatiens<\/h2>\n\n\n\n<p>Die K\u00fcstenregion von Kroatien l\u00e4sst sich in die n\u00f6rdliche und s\u00fcdliche Region teilen. Das nordadriatische K\u00fcstenland umfasst die Halbinsel Istrien und den schmalen und ausgedehnten K\u00fcstenstreifen der Kvarner Bucht und des Velebiter K\u00fcstenlandes einschlie\u00dflich der vorgelagerten Inseln. Den s\u00fcdliche K\u00fcstenteil umfasst die historische Region Dalmatien.<\/p>\n\n\n\n<div class=\"wp-block-buttons is-layout-flex wp-block-buttons-is-layout-flex\">\n<div class=\"wp-block-button\"><a class=\"wp-block-button__link wp-element-button\">Weitere Informationen<\/a><\/div>\n<\/div>\n<\/div><\/div>\n<\/div><\/div>\n\n\n\n<div class=\"wp-block-group alignfull is-style-section-5\" style=\"margin-top:0;margin-bottom:0;padding-top:var(--wp--preset--spacing--50);padding-bottom:var(--wp--preset--spacing--50)\"><div class=\"wp-block-group__inner-container is-layout-constrained wp-block-group-is-layout-constrained\">\n<div class=\"wp-block-columns alignwide is-layout-flex wp-container-core-columns-is-layout-a2d7b65f wp-block-columns-is-layout-flex\">\n<div class=\"wp-block-column is-vertically-aligned-center is-layout-flow wp-block-column-is-layout-flow\" style=\"flex-basis:50%\">\n<h2 class=\"wp-block-heading\">Istrien<\/h2>\n\n\n\n<p class=\"has-medium-font-size\">Der seit dem Jahre 1979 unter Schutz der UNESCO stehende Nationalpark Plitvicer Seen ist das wohl ber\u00fchmteste und zugleich sch\u00f6nste Weltnaturerbe in Kroatien. Der gut erschlossene Nationalpark Plitvice bietet seinen Besucher:innen 16 auf unterschiedlichen H\u00f6hen liegende Seen, die durch faszinierende Wasserf\u00e4lle miteinander verbunden sind ein unvergleichliches Naturschauspiel.<\/p>\n<\/div>\n\n\n\n<div class=\"wp-block-column is-vertically-aligned-center is-layout-flow wp-block-column-is-layout-flow\" style=\"flex-basis:50%\">\n<figure class=\"wp-block-image size-full\"><img data-opt-id=241781809  fetchpriority=\"high\" decoding=\"async\" width=\"2560\" height=\"1265\" src=\"https:\/\/ml7yqefx9h2z.i.optimole.com\/w:auto\/h:auto\/q:mauto\/f:best\/https:\/\/bubmih.bplaced.net\/kroatien\/wp-content\/uploads\/2025\/12\/porec.jpg\" alt=\"\" class=\"wp-image-97\" style=\"aspect-ratio:1;object-fit:cover\" srcset=\"https:\/\/ml7yqefx9h2z.i.optimole.com\/w:1920\/h:948\/q:mauto\/f:best\/https:\/\/bubmih.bplaced.net\/kroatien\/wp-content\/uploads\/2025\/12\/porec.jpg 2560w, https:\/\/ml7yqefx9h2z.i.optimole.com\/w:300\/h:148\/q:mauto\/f:best\/https:\/\/bubmih.bplaced.net\/kroatien\/wp-content\/uploads\/2025\/12\/porec.jpg 300w, https:\/\/ml7yqefx9h2z.i.optimole.com\/w:1024\/h:506\/q:mauto\/f:best\/https:\/\/bubmih.bplaced.net\/kroatien\/wp-content\/uploads\/2025\/12\/porec.jpg 1024w, https:\/\/ml7yqefx9h2z.i.optimole.com\/w:768\/h:380\/q:mauto\/f:best\/https:\/\/bubmih.bplaced.net\/kroatien\/wp-content\/uploads\/2025\/12\/porec.jpg 768w, https:\/\/ml7yqefx9h2z.i.optimole.com\/w:1536\/h:759\/q:mauto\/f:best\/https:\/\/bubmih.bplaced.net\/kroatien\/wp-content\/uploads\/2025\/12\/porec.jpg 1536w, https:\/\/ml7yqefx9h2z.i.optimole.com\/w:1920\/h:948\/q:mauto\/f:best\/https:\/\/bubmih.bplaced.net\/kroatien\/wp-content\/uploads\/2025\/12\/porec.jpg 2048w\" sizes=\"(max-width: 1160px) 100vw, 1160px\" \/><figcaption class=\"wp-element-caption\">Blick auf Porec<\/figcaption><\/figure>\n<\/div>\n<\/div>\n<\/div><\/div>\n\n\n\n<div class=\"wp-block-group alignfull\" style=\"margin-top:0;margin-bottom:0\"><div class=\"wp-block-group__inner-container is-layout-constrained wp-block-group-is-layout-constrained\">\n<div class=\"wp-block-group alignwide is-layout-grid wp-container-core-group-is-layout-6dbf1d5c wp-block-group-is-layout-grid\" style=\"padding-top:var(--wp--preset--spacing--50);padding-bottom:var(--wp--preset--spacing--50)\">\n<div class=\"wp-block-group is-vertical is-content-justification-stretch is-nowrap is-layout-flex wp-container-core-group-is-layout-0fd27360 wp-block-group-is-layout-flex\">\n<div class=\"wp-block-group is-vertical is-content-justification-left is-layout-flex wp-container-core-group-is-layout-c0ca7d81 wp-block-group-is-layout-flex\">\n<h2 class=\"wp-block-heading is-style-text-annotation\">\u00dcber uns<\/h2>\n\n\n\n<p>KVARNER BUCHT<\/p>\n\n\n\n<p class=\"is-style-text-subtitle\">Die Kvarner-Bucht ist eine Bucht an der nord\u00f6stlichen Adria in Kroatien, die wegen ihrer Sch\u00f6nheit, dem Klima und der Vegetation schon 160 Jahre lang das Zentrum des Tourismus in Kroatien. Die Kvarner Buch ist vor allem ein Bereich der einer Reise nach Kroatien wert ist. Jeder der vor hat, seinen Urlaub in Kroatien zu verbringen sollte, das zwischen der Halbinsel Istrien im Westen und dem Kroatischen K\u00fcstenland im Osten liegende Kvarner besuchen.<\/p>\n<\/div>\n\n\n\n<figure class=\"wp-block-image size-full\"><img data-opt-id=571167689  data-opt-src=\"https:\/\/ml7yqefx9h2z.i.optimole.com\/w:auto\/h:auto\/q:mauto\/f:best\/https:\/\/bubmih.bplaced.net\/kroatien\/wp-content\/uploads\/2025\/12\/boote.jpg\"  decoding=\"async\" width=\"2560\" height=\"1626\" src=\"data:image/svg+xml,%3Csvg%20viewBox%3D%220%200%20100%%20100%%22%20width%3D%22100%%22%20height%3D%22100%%22%20xmlns%3D%22http%3A%2F%2Fwww.w3.org%2F2000%2Fsvg%22%3E%3Crect%20width%3D%22100%%22%20height%3D%22100%%22%20fill%3D%22transparent%22%2F%3E%3C%2Fsvg%3E\" alt=\"\" class=\"wp-image-103\" style=\"aspect-ratio:16\/9;object-fit:cover\" old-srcset=\"https:\/\/ml7yqefx9h2z.i.optimole.com\/w:1920\/h:1219\/q:mauto\/f:best\/https:\/\/bubmih.bplaced.net\/kroatien\/wp-content\/uploads\/2025\/12\/boote.jpg 2560w, https:\/\/ml7yqefx9h2z.i.optimole.com\/w:300\/h:191\/q:mauto\/f:best\/https:\/\/bubmih.bplaced.net\/kroatien\/wp-content\/uploads\/2025\/12\/boote.jpg 300w, https:\/\/ml7yqefx9h2z.i.optimole.com\/w:1024\/h:650\/q:mauto\/f:best\/https:\/\/bubmih.bplaced.net\/kroatien\/wp-content\/uploads\/2025\/12\/boote.jpg 1024w, https:\/\/ml7yqefx9h2z.i.optimole.com\/w:768\/h:488\/q:mauto\/f:best\/https:\/\/bubmih.bplaced.net\/kroatien\/wp-content\/uploads\/2025\/12\/boote.jpg 768w, https:\/\/ml7yqefx9h2z.i.optimole.com\/w:1536\/h:976\/q:mauto\/f:best\/https:\/\/bubmih.bplaced.net\/kroatien\/wp-content\/uploads\/2025\/12\/boote.jpg 1536w, https:\/\/ml7yqefx9h2z.i.optimole.com\/w:1920\/h:1219\/q:mauto\/f:best\/https:\/\/bubmih.bplaced.net\/kroatien\/wp-content\/uploads\/2025\/12\/boote.jpg 2048w\" \/><\/figure>\n<\/div>\n\n\n\n<figure class=\"wp-block-image size-full\"><img data-opt-id=260973730  data-opt-src=\"https:\/\/ml7yqefx9h2z.i.optimole.com\/w:auto\/h:auto\/q:mauto\/f:best\/https:\/\/bubmih.bplaced.net\/kroatien\/wp-content\/uploads\/2025\/12\/meersonne.jpg\"  decoding=\"async\" width=\"2560\" height=\"1707\" src=\"data:image/svg+xml,%3Csvg%20viewBox%3D%220%200%20100%%20100%%22%20width%3D%22100%%22%20height%3D%22100%%22%20xmlns%3D%22http%3A%2F%2Fwww.w3.org%2F2000%2Fsvg%22%3E%3Crect%20width%3D%22100%%22%20height%3D%22100%%22%20fill%3D%22transparent%22%2F%3E%3C%2Fsvg%3E\" alt=\"\" class=\"wp-image-101\" style=\"aspect-ratio:3\/4;object-fit:cover\" old-srcset=\"https:\/\/ml7yqefx9h2z.i.optimole.com\/w:1920\/h:1280\/q:mauto\/f:best\/https:\/\/bubmih.bplaced.net\/kroatien\/wp-content\/uploads\/2025\/12\/meersonne.jpg 2560w, https:\/\/ml7yqefx9h2z.i.optimole.com\/w:300\/h:200\/q:mauto\/f:best\/https:\/\/bubmih.bplaced.net\/kroatien\/wp-content\/uploads\/2025\/12\/meersonne.jpg 300w, https:\/\/ml7yqefx9h2z.i.optimole.com\/w:1024\/h:683\/q:mauto\/f:best\/https:\/\/bubmih.bplaced.net\/kroatien\/wp-content\/uploads\/2025\/12\/meersonne.jpg 1024w, https:\/\/ml7yqefx9h2z.i.optimole.com\/w:768\/h:512\/q:mauto\/f:best\/https:\/\/bubmih.bplaced.net\/kroatien\/wp-content\/uploads\/2025\/12\/meersonne.jpg 768w, https:\/\/ml7yqefx9h2z.i.optimole.com\/w:1536\/h:1024\/q:mauto\/f:best\/https:\/\/bubmih.bplaced.net\/kroatien\/wp-content\/uploads\/2025\/12\/meersonne.jpg 1536w, https:\/\/ml7yqefx9h2z.i.optimole.com\/w:1920\/h:1280\/q:mauto\/f:best\/https:\/\/bubmih.bplaced.net\/kroatien\/wp-content\/uploads\/2025\/12\/meersonne.jpg 2048w\" \/><\/figure>\n<\/div>\n<\/div><\/div>\n\n\n\n<div class=\"wp-block-group alignfull\" style=\"margin-top:0;margin-bottom:0\"><div class=\"wp-block-group__inner-container is-layout-constrained wp-block-group-is-layout-constrained\">\n<div class=\"wp-block-group alignwide\" style=\"padding-top:var(--wp--preset--spacing--50);padding-bottom:var(--wp--preset--spacing--50)\"><div class=\"wp-block-group__inner-container is-layout-flow wp-block-group-is-layout-flow\">\n<h2 class=\"wp-block-heading has-x-large-font-size\">Dalmatien<\/h2>\n\n\n\n<figure class=\"wp-block-image size-large\"><img data-opt-id=271127574  data-opt-src=\"https:\/\/ml7yqefx9h2z.i.optimole.com\/w:1024\/h:683\/q:mauto\/f:best\/https:\/\/bubmih.bplaced.net\/kroatien\/wp-content\/uploads\/2025\/12\/zadar.jpg\"  decoding=\"async\" width=\"1024\" height=\"683\" src=\"data:image/svg+xml,%3Csvg%20viewBox%3D%220%200%201024%20683%22%20width%3D%221024%22%20height%3D%22683%22%20xmlns%3D%22http%3A%2F%2Fwww.w3.org%2F2000%2Fsvg%22%3E%3Crect%20width%3D%221024%22%20height%3D%22683%22%20fill%3D%22transparent%22%2F%3E%3C%2Fsvg%3E\" alt=\"\" class=\"wp-image-108\" old-srcset=\"https:\/\/ml7yqefx9h2z.i.optimole.com\/w:1024\/h:683\/q:mauto\/f:best\/https:\/\/bubmih.bplaced.net\/kroatien\/wp-content\/uploads\/2025\/12\/zadar.jpg 1024w, https:\/\/ml7yqefx9h2z.i.optimole.com\/w:300\/h:200\/q:mauto\/f:best\/https:\/\/bubmih.bplaced.net\/kroatien\/wp-content\/uploads\/2025\/12\/zadar.jpg 300w, https:\/\/ml7yqefx9h2z.i.optimole.com\/w:768\/h:512\/q:mauto\/f:best\/https:\/\/bubmih.bplaced.net\/kroatien\/wp-content\/uploads\/2025\/12\/zadar.jpg 768w, https:\/\/ml7yqefx9h2z.i.optimole.com\/w:1536\/h:1024\/q:mauto\/f:best\/https:\/\/bubmih.bplaced.net\/kroatien\/wp-content\/uploads\/2025\/12\/zadar.jpg 1536w, https:\/\/ml7yqefx9h2z.i.optimole.com\/w:1920\/h:1280\/q:mauto\/f:best\/https:\/\/bubmih.bplaced.net\/kroatien\/wp-content\/uploads\/2025\/12\/zadar.jpg 2048w\" \/><\/figure>\n\n\n\n<p>Den s\u00fcdlichen K\u00fcstenteil stellt die historische Region Dalmatien dar. Aufgrund des Klimas, der Landschaft und der Kultur ist Dalmatien ein ausgesprochen mediterraner Raum, in dem drei parallele Zonen zu unterscheiden sind: die Inseln, die K\u00fcste und das Hinterland. Die Region Dalmatien erstreckt sich von Zadar im Norden, auf knapp 400 km K\u00fcstenl\u00e4nge in Richtung S\u00fcden, bis kurz hinter Dubrovnik. Die landschaftliche Vielfalt besteht aus unz\u00e4hligen Natursch\u00f6nheiten, die sich in den Gebirgsz\u00fcgen, der Inselwelt und der stark gegliederten K\u00fcste zeigen.<\/p>\n<\/div><\/div>\n<\/div><\/div>\n\n\n\n<div class=\"wp-block-group alignfull\" style=\"margin-top:0;margin-bottom:0;padding-top:var(--wp--preset--spacing--80);padding-bottom:var(--wp--preset--spacing--80)\"><div class=\"wp-block-group__inner-container is-layout-constrained wp-block-group-is-layout-constrained\">\n<div class=\"wp-block-group alignwide\"><div class=\"wp-block-group__inner-container is-layout-flow wp-block-group-is-layout-flow\">\n<p class=\"has-text-align-center is-style-text-display\" style=\"font-style:normal;font-weight:400\"><\/p>\n\n\n\n<div style=\"height:var(--wp--preset--spacing--40)\" aria-hidden=\"true\" class=\"wp-block-spacer\"><\/div>\n\n\n\n<ul class=\"wp-block-social-links has-icon-color is-style-logos-only is-content-justification-center is-layout-flex wp-container-core-social-links-is-layout-16018d1d wp-block-social-links-is-layout-flex\"><li class=\"wp-social-link wp-social-link-twitter has-contrast-color wp-block-social-link\"><a href=\"#\" class=\"wp-block-social-link-anchor\"><svg width=\"24\" height=\"24\" viewBox=\"0 0 24 24\" version=\"1.1\" xmlns=\"http:\/\/www.w3.org\/2000\/svg\" aria-hidden=\"true\" focusable=\"false\"><path d=\"M22.23,5.924c-0.736,0.326-1.527,0.547-2.357,0.646c0.847-0.508,1.498-1.312,1.804-2.27 c-0.793,0.47-1.671,0.812-2.606,0.996C18.324,4.498,17.257,4,16.077,4c-2.266,0-4.103,1.837-4.103,4.103 c0,0.322,0.036,0.635,0.106,0.935C8.67,8.867,5.647,7.234,3.623,4.751C3.27,5.357,3.067,6.062,3.067,6.814 c0,1.424,0.724,2.679,1.825,3.415c-0.673-0.021-1.305-0.206-1.859-0.513c0,0.017,0,0.034,0,0.052c0,1.988,1.414,3.647,3.292,4.023 c-0.344,0.094-0.707,0.144-1.081,0.144c-0.264,0-0.521-0.026-0.772-0.074c0.522,1.63,2.038,2.816,3.833,2.85 c-1.404,1.1-3.174,1.756-5.096,1.756c-0.331,0-0.658-0.019-0.979-0.057c1.816,1.164,3.973,1.843,6.29,1.843 c7.547,0,11.675-6.252,11.675-11.675c0-0.178-0.004-0.355-0.012-0.531C20.985,7.47,21.68,6.747,22.23,5.924z\"><\/path><\/svg><span class=\"wp-block-social-link-label screen-reader-text\">Twitter<\/span><\/a><\/li>\n\n<li class=\"wp-social-link wp-social-link-facebook has-contrast-color wp-block-social-link\"><a href=\"#\" class=\"wp-block-social-link-anchor\"><svg width=\"24\" height=\"24\" viewBox=\"0 0 24 24\" version=\"1.1\" xmlns=\"http:\/\/www.w3.org\/2000\/svg\" aria-hidden=\"true\" focusable=\"false\"><path d=\"M12 2C6.5 2 2 6.5 2 12c0 5 3.7 9.1 8.4 9.9v-7H7.9V12h2.5V9.8c0-2.5 1.5-3.9 3.8-3.9 1.1 0 2.2.2 2.2.2v2.5h-1.3c-1.2 0-1.6.8-1.6 1.6V12h2.8l-.4 2.9h-2.3v7C18.3 21.1 22 17 22 12c0-5.5-4.5-10-10-10z\"><\/path><\/svg><span class=\"wp-block-social-link-label screen-reader-text\">Facebook<\/span><\/a><\/li>\n\n<li class=\"wp-social-link wp-social-link-instagram has-contrast-color wp-block-social-link\"><a href=\"#\" class=\"wp-block-social-link-anchor\"><svg width=\"24\" height=\"24\" viewBox=\"0 0 24 24\" version=\"1.1\" xmlns=\"http:\/\/www.w3.org\/2000\/svg\" aria-hidden=\"true\" focusable=\"false\"><path d=\"M12,4.622c2.403,0,2.688,0.009,3.637,0.052c0.877,0.04,1.354,0.187,1.671,0.31c0.42,0.163,0.72,0.358,1.035,0.673 c0.315,0.315,0.51,0.615,0.673,1.035c0.123,0.317,0.27,0.794,0.31,1.671c0.043,0.949,0.052,1.234,0.052,3.637 s-0.009,2.688-0.052,3.637c-0.04,0.877-0.187,1.354-0.31,1.671c-0.163,0.42-0.358,0.72-0.673,1.035 c-0.315,0.315-0.615,0.51-1.035,0.673c-0.317,0.123-0.794,0.27-1.671,0.31c-0.949,0.043-1.233,0.052-3.637,0.052 s-2.688-0.009-3.637-0.052c-0.877-0.04-1.354-0.187-1.671-0.31c-0.42-0.163-0.72-0.358-1.035-0.673 c-0.315-0.315-0.51-0.615-0.673-1.035c-0.123-0.317-0.27-0.794-0.31-1.671C4.631,14.688,4.622,14.403,4.622,12 s0.009-2.688,0.052-3.637c0.04-0.877,0.187-1.354,0.31-1.671c0.163-0.42,0.358-0.72,0.673-1.035 c0.315-0.315,0.615-0.51,1.035-0.673c0.317-0.123,0.794-0.27,1.671-0.31C9.312,4.631,9.597,4.622,12,4.622 M12,3 C9.556,3,9.249,3.01,8.289,3.054C7.331,3.098,6.677,3.25,6.105,3.472C5.513,3.702,5.011,4.01,4.511,4.511 c-0.5,0.5-0.808,1.002-1.038,1.594C3.25,6.677,3.098,7.331,3.054,8.289C3.01,9.249,3,9.556,3,12c0,2.444,0.01,2.751,0.054,3.711 c0.044,0.958,0.196,1.612,0.418,2.185c0.23,0.592,0.538,1.094,1.038,1.594c0.5,0.5,1.002,0.808,1.594,1.038 c0.572,0.222,1.227,0.375,2.185,0.418C9.249,20.99,9.556,21,12,21s2.751-0.01,3.711-0.054c0.958-0.044,1.612-0.196,2.185-0.418 c0.592-0.23,1.094-0.538,1.594-1.038c0.5-0.5,0.808-1.002,1.038-1.594c0.222-0.572,0.375-1.227,0.418-2.185 C20.99,14.751,21,14.444,21,12s-0.01-2.751-0.054-3.711c-0.044-0.958-0.196-1.612-0.418-2.185c-0.23-0.592-0.538-1.094-1.038-1.594 c-0.5-0.5-1.002-0.808-1.594-1.038c-0.572-0.222-1.227-0.375-2.185-0.418C14.751,3.01,14.444,3,12,3L12,3z M12,7.378 c-2.552,0-4.622,2.069-4.622,4.622S9.448,16.622,12,16.622s4.622-2.069,4.622-4.622S14.552,7.378,12,7.378z M12,15 c-1.657,0-3-1.343-3-3s1.343-3,3-3s3,1.343,3,3S13.657,15,12,15z M16.804,6.116c-0.596,0-1.08,0.484-1.08,1.08 s0.484,1.08,1.08,1.08c0.596,0,1.08-0.484,1.08-1.08S17.401,6.116,16.804,6.116z\"><\/path><\/svg><span class=\"wp-block-social-link-label screen-reader-text\">Instagram<\/span><\/a><\/li>\n\n<li class=\"wp-social-link wp-social-link-pinterest has-contrast-color wp-block-social-link\"><a href=\"#\" class=\"wp-block-social-link-anchor\"><svg width=\"24\" height=\"24\" viewBox=\"0 0 24 24\" version=\"1.1\" xmlns=\"http:\/\/www.w3.org\/2000\/svg\" aria-hidden=\"true\" focusable=\"false\"><path d=\"M12.289,2C6.617,2,3.606,5.648,3.606,9.622c0,1.846,1.025,4.146,2.666,4.878c0.25,0.111,0.381,0.063,0.439-0.169 c0.044-0.175,0.267-1.029,0.365-1.428c0.032-0.128,0.017-0.237-0.091-0.362C6.445,11.911,6.01,10.75,6.01,9.668 c0-2.777,2.194-5.464,5.933-5.464c3.23,0,5.49,2.108,5.49,5.122c0,3.407-1.794,5.768-4.13,5.768c-1.291,0-2.257-1.021-1.948-2.277 c0.372-1.495,1.089-3.112,1.089-4.191c0-0.967-0.542-1.775-1.663-1.775c-1.319,0-2.379,1.309-2.379,3.059 c0,1.115,0.394,1.869,0.394,1.869s-1.302,5.279-1.54,6.261c-0.405,1.666,0.053,4.368,0.094,4.604 c0.021,0.126,0.167,0.169,0.25,0.063c0.129-0.165,1.699-2.419,2.142-4.051c0.158-0.59,0.817-2.995,0.817-2.995 c0.43,0.784,1.681,1.446,3.013,1.446c3.963,0,6.822-3.494,6.822-7.833C20.394,5.112,16.849,2,12.289,2\"><\/path><\/svg><span class=\"wp-block-social-link-label screen-reader-text\">Pinterest<\/span><\/a><\/li><\/ul>\n<\/div><\/div>\n<\/div><\/div>\n","protected":false},"excerpt":{"rendered":"<p>Istrien Der seit dem Jahre 1979 unter Schutz der UNESCO stehende Nationalpark Plitvicer Seen ist das wohl ber\u00fchmteste und zugleich sch\u00f6nste Weltnaturerbe in Kroatien. Der gut erschlossene Nationalpark Plitvice bietet seinen Besucher:innen 16 auf unterschiedlichen H\u00f6hen liegende Seen, die durch faszinierende Wasserf\u00e4lle miteinander verbunden sind ein unvergleichliches Naturschauspiel. \u00dcber uns KVARNER BUCHT Die Kvarner-Bucht ist [&hellip;]<\/p>\n","protected":false},"author":1,"featured_media":0,"parent":0,"menu_order":0,"comment_status":"closed","ping_status":"closed","template":"","meta":{"footnotes":""},"class_list":["post-92","page","type-page","status-publish","hentry"],"_links":{"self":[{"href":"https:\/\/bubmih.bplaced.net\/kroatien\/wp-json\/wp\/v2\/pages\/92","targetHints":{"allow":["GET"]}}],"collection":[{"href":"https:\/\/bubmih.bplaced.net\/kroatien\/wp-json\/wp\/v2\/pages"}],"about":[{"href":"https:\/\/bubmih.bplaced.net\/kroatien\/wp-json\/wp\/v2\/types\/page"}],"author":[{"embeddable":true,"href":"https:\/\/bubmih.bplaced.net\/kroatien\/wp-json\/wp\/v2\/users\/1"}],"replies":[{"embeddable":true,"href":"https:\/\/bubmih.bplaced.net\/kroatien\/wp-json\/wp\/v2\/comments?post=92"}],"version-history":[{"count":12,"href":"https:\/\/bubmih.bplaced.net\/kroatien\/wp-json\/wp\/v2\/pages\/92\/revisions"}],"predecessor-version":[{"id":110,"href":"https:\/\/bubmih.bplaced.net\/kroatien\/wp-json\/wp\/v2\/pages\/92\/revisions\/110"}],"wp:attachment":[{"href":"https:\/\/bubmih.bplaced.net\/kroatien\/wp-json\/wp\/v2\/media?parent=92"}],"curies":[{"name":"wp","href":"https:\/\/api.w.org\/{rel}","templated":true}]}}